{"id":856,"date":"2025-07-29T08:23:48","date_gmt":"2025-07-29T06:23:48","guid":{"rendered":"https:\/\/www.salineacademy.com\/teacher\/gerard-causse\/"},"modified":"2025-07-30T17:55:54","modified_gmt":"2025-07-30T15:55:54","slug":"gerard-causse","status":"publish","type":"teacher","link":"https:\/\/www.salineacademy.com\/fr\/teacher\/gerard-causse\/","title":{"rendered":"G\u00e9rard Causs\u00e9"},"template":"","meta":{"_acf_changed":false,"inline_featured_image":false},"instrument":[38],"class_list":["post-856","teacher","type-teacher","status-publish","hentry","instrument-viola","no-post-thumbnail"],"acf":{"name":"Causs\u00e9","first_name":"G\u00e9rard","photo":854,"instrument":[38],"teacher_biography":"G\u00e9rard Causs\u00e9 (n\u00e9 le 26 juin 1948 \u00e0 Toulouse, France) est un altiste fran\u00e7ais. Il a cr\u00e9\u00e9 le c\u00e9l\u00e8bre quatuor \u00ab\u00a0Ainsi la nuit\u00a0\u00bb d'Henri Dutilleux. Le premier mouvement de l'\u0153uvre c\u00e9l\u00e8bre de G\u00e9rard Grisey, \u00ab\u00a0Les Espaces Acoustiques\u00a0\u00bb (\u00ab\u00a0Prologue\u00a0\u00bb), est inscrit \u00ab\u00a0\u00e0 G\u00e9rard Causs\u00e9\u00a0\u00bb. Sa discographie compte trente enregistrements. G\u00e9rard Causs\u00e9 joue sur un alto fabriqu\u00e9 par Gasparo da Salo en 1560. Causs\u00e9 a partag\u00e9 la sc\u00e8ne, en musique orchestrale et de chambre, avec des musiciens tels qu'Augustin Dumay, Emmanuel Krivine, Charles Dutoit et Kent Nagano. Ses enregistrements comprennent plus de trente-cinq parus sous des labels tels que EMI, Erato et Philips. Causs\u00e9 est titulaire de la chaire d'alto Banco Bilbao Vizcaya Argentaria \u00e0 l'Escuela Superior de M\u00fasica Reina Sof\u00eda.","accomplishments":[{"text_accomplishments":"Soliste international"}]},"_links":{"self":[{"href":"https:\/\/www.salineacademy.com\/fr\/wp-json\/wp\/v2\/teacher\/856","targetHints":{"allow":["GET"]}}],"collection":[{"href":"https:\/\/www.salineacademy.com\/fr\/wp-json\/wp\/v2\/teacher"}],"about":[{"href":"https:\/\/www.salineacademy.com\/fr\/wp-json\/wp\/v2\/types\/teacher"}],"acf:term":[{"embeddable":true,"taxonomy":"instrument","href":"https:\/\/www.salineacademy.com\/fr\/wp-json\/wp\/v2\/instrument\/38"}],"wp:attachment":[{"href":"https:\/\/www.salineacademy.com\/fr\/wp-json\/wp\/v2\/media?parent=856"}],"wp:term":[{"taxonomy":"instrument","embeddable":true,"href":"https:\/\/www.salineacademy.com\/fr\/wp-json\/wp\/v2\/instrument?post=856"}],"curies":[{"name":"wp","href":"https:\/\/api.w.org\/{rel}","templated":true}]}}